{"version":"1.0","provider_name":"A n\u0151, aki nem viccel","provider_url":"https:\/\/anoakinemviccel.cafeblog.hu","author_name":"A N\u0151 Nem Viccel","author_url":"https:\/\/anoakinemviccel.cafeblog.hu\/author\/no_nem_viccel\/","title":"Aki j\u00f3ra gondol","html":"M\u00e1r t\u00f6bbsz\u00f6r nekifutottam ennek a blognak, most \u00e1tk\u00f6lt\u00f6ztettem egy m\u00e1sik helyr\u0151l, rem\u00e9lem, itt maradok.\r\n\r\n<a href=\"https:\/\/anoakinemviccel.cafeblog.hu\/files\/2014\/10\/budoir-red.jpg\"><img class=\"aligncenter wp-image-6 size-large\" src=\"https:\/\/anoakinemviccel.cafeblog.hu\/files\/2014\/10\/budoir-red-600x407.jpg\" alt=\"budoir-red\" width=\"600\" height=\"407\" \/><\/a>\r\n\r\nSorban \u00e1llok a boltban, p\u00e9nzt\u00e1rn\u00e1l, j\u00f3 sokan vannak, arra gondolok, hogy a pult, ahov\u00e1 az \u00e1rukat kell kitenni, pont j\u00f3 magass\u00e1gban van, r\u00e1 tudn\u00e9k hajolni, a kedvesem sz\u00e9pen m\u00f6g\u00e9m \u00e1llhatna.\r\n\r\nTakar\u00edtom a konyhaszekr\u00e9ny alj\u00e1t, t\u00e9rdelek, m\u00f6g\u00e9m t\u00e9rdelhetne.\r\n\r\nZuhany alatt el\u00e9m guggolhatna, el\u00e9 guggolhatn\u00e9k. V\u00e9c\u00e9n \u00fclve is gondolok r\u00e1. Hever\u00e9szek a rekami\u00e9n, vagy \u00e9ppen itt \u00fcl\u00f6k, most, ahogy \u00edrom ezt a bejegyz\u00e9st, \u00e9s arra gondolok, hogy ha itt lenne, sz\u00e9tnyitn\u00e1m a combom, \u00e9s k\u00e9rn\u00e9m, hogy nyaljon ki.\r\n\r\n\u00c1ll\u00edt\u00f3lag a f\u00e9rfiak sokkal t\u00f6bbsz\u00f6r gondolnak egy nap a szexre, mint a n\u0151k. H\u00e1t, nem tudom.\r\n\r\nErr\u0151l fog sz\u00f3lni ez a blog.\r\n\r\n&nbsp;","type":"rich","thumbnail_url":"https:\/\/anoakinemviccel.cafeblog.hu\/files\/2014\/10\/budoir-red-150x150.jpg","thumbnail_width":150,"thumbnail_height":150}